{"id":105,"date":"2022-02-17T20:38:13","date_gmt":"2022-02-17T19:38:13","guid":{"rendered":"https:\/\/www.schuleimerlich.de\/blog\/?page_id=105"},"modified":"2026-04-21T08:00:17","modified_gmt":"2026-04-21T06:00:17","slug":"malerwerkstatt","status":"publish","type":"page","link":"https:\/\/www.schuleimerlich.de\/?page_id=105","title":{"rendered":"Malerwerkstatt"},"content":{"rendered":"\t\t<div data-elementor-type=\"wp-page\" data-elementor-id=\"105\" class=\"elementor elementor-105\">\n\t\t\t\t\t\t\t\t\t<section class=\"elementor-section elementor-top-section elementor-element elementor-element-63a8fd81 elementor-section-boxed elementor-section-height-default elementor-section-height-default\" data-id=\"63a8fd81\" data-element_type=\"section\">\n\t\t\t\t\t\t<div class=\"elementor-container elementor-column-gap-default\">\n\t\t\t\t\t<div class=\"elementor-column elementor-col-100 elementor-top-column elementor-element elementor-element-347d530a\" data-id=\"347d530a\" data-element_type=\"column\">\n\t\t\t<div class=\"elementor-widget-wrap elementor-element-populated\">\n\t\t\t\t\t\t\t\t<div class=\"elementor-element elementor-element-745d3867 elementor-widget elementor-widget-text-editor\" data-id=\"745d3867\" data-element_type=\"widget\" data-widget_type=\"text-editor.default\">\n\t\t\t\t<div class=\"elementor-widget-container\">\n\t\t\t<style>\/*! elementor - v3.11.5 - 14-03-2023 *\/\n.elementor-widget-text-editor.elementor-drop-cap-view-stacked .elementor-drop-cap{background-color:#818a91;color:#fff}.elementor-widget-text-editor.elementor-drop-cap-view-framed .elementor-drop-cap{color:#818a91;border:3px solid;background-color:transparent}.elementor-widget-text-editor:not(.elementor-drop-cap-view-default) .elementor-drop-cap{margin-top:8px}.elementor-widget-text-editor:not(.elementor-drop-cap-view-default) .elementor-drop-cap-letter{width:1em;height:1em}.elementor-widget-text-editor .elementor-drop-cap{float:left;text-align:center;line-height:1;font-size:50px}.elementor-widget-text-editor .elementor-drop-cap-letter{display:inline-block}<\/style>\t\t\t\t<p class=\"MsoNormal\" style=\"margin-bottom: 0cm; text-align: justify;\">Seit 2006 haben<br \/>Sch\u00fcler*innen ab Klasse 7 die M\u00f6glichkeit, kostenlos an einer<br \/>Berufsvorbereitungsma\u00dfnahme teilzunehmen.<\/p><p class=\"MsoNormal\" style=\"margin-bottom: 0cm; text-align: justify;\">Stellvertretend<br \/>f\u00fcr alle handwerklich ausgerichteten Berufe hei\u00dft dieses Projekt:<\/p><p class=\"MsoNormal\" style=\"margin-bottom: 0cm; text-align: justify;\"><b><span style=\"mso-spacerun: yes;\">\u00a0\u00a0\u00a0\u00a0\u00a0\u00a0\u00a0\u00a0\u00a0\u00a0\u00a0\u00a0\u00a0\u00a0\u00a0\u00a0\u00a0\u00a0\u00a0\u00a0\u00a0\u00a0\u00a0\u00a0\u00a0\u00a0\u00a0\u00a0\u00a0\u00a0\u00a0\u00a0\u00a0\u00a0\u00a0\u00a0\u00a0\u00a0\u00a0\u00a0\u00a0\u00a0 <\/span>DIE<br \/>MALERWERKSTATT AN DER ERLICHSCHULE<\/b><\/p><p class=\"MsoNormal\" style=\"margin-bottom: 0cm; text-align: justify;\">Die<br \/>Jugendlichen tauschen dabei einen Schultag pro Woche gegen einen Werkstatt-Tag<br \/>ein und k\u00f6nnen unter sorgf\u00e4ltiger Anleitung ihre praktischen F\u00e4higkeiten<br \/>erproben, handwerkliche Grundkenntnisse erwerben und somit ihre Chancen auf<br \/>eine sp\u00e4tere Ausbildung deutlich verbessern.<\/p><p class=\"MsoNormal\" style=\"margin-bottom: 0cm; text-align: justify;\">Angeboten<br \/>werden dabei vielf\u00e4ltige Arbeiten in den Bereichen Farbe, Holz und Garten.<\/p><p class=\"MsoNormal\" style=\"margin-bottom: 0cm; text-align: justify;\">Die<br \/>Teilnehmer*innen erhalten Hilfe bei der Suche nach geeigneten Praktikums- und<br \/>Ausbildungspl\u00e4tzen.<\/p><p class=\"MsoNormal\" style=\"margin-bottom: 0cm; text-align: justify;\">W\u00e4hrend der<br \/>Ausbildung ist eine zus\u00e4tzliche Lernhilfe m\u00f6glich.<\/p><p class=\"MsoNormal\" style=\"margin-bottom: 0cm; text-align: justify;\">Finanziert wird<br \/>die Ma\u00dfnahme von der Arbeitsagentur Ludwigshafen und der Stadt Speyer.<\/p><p class=\"MsoNormal\" style=\"margin-bottom: 0cm; text-align: justify;\"><b>Beitrag:\u00a0 <a href=\"https:\/\/www.schuleimerlich.de\/?p=14287\">https:\/\/www.schuleimerlich.de\/?p=14287<\/a><\/b><\/p>\t\t\t\t\t\t<\/div>\n\t\t\t\t<\/div>\n\t\t\t\t\t<\/div>\n\t\t<\/div>\n\t\t\t\t\t\t\t<\/div>\n\t\t<\/section>\n\t\t\t\t\t\t\t<\/div>\n\t\t","protected":false},"excerpt":{"rendered":"<p>Seit 2006 habenSch\u00fcler*innen ab Klasse 7 die M\u00f6glichkeit, kostenlos an einerBerufsvorbereitungsma\u00dfnahme teilzunehmen. Stellvertretendf\u00fcr alle handwerklich ausgerichteten Berufe hei\u00dft dieses Projekt: \u00a0\u00a0\u00a0\u00a0\u00a0\u00a0\u00a0\u00a0\u00a0\u00a0\u00a0\u00a0\u00a0\u00a0\u00a0\u00a0\u00a0\u00a0\u00a0\u00a0\u00a0\u00a0\u00a0\u00a0\u00a0\u00a0\u00a0\u00a0\u00a0\u00a0\u00a0\u00a0\u00a0\u00a0\u00a0\u00a0\u00a0\u00a0\u00a0\u00a0\u00a0\u00a0 DIEMALERWERKSTATT AN DER ERLICHSCHULE DieJugendlichen tauschen dabei einen Schultag pro Woche gegen einen Werkstatt-Tagein und k\u00f6nnen unter sorgf\u00e4ltiger Anleitung ihre praktischen F\u00e4higkeitenerproben, handwerkliche Grundkenntnisse erwerben und somit ihre Chancen aufeine sp\u00e4tere Ausbildung deutlich verbessern&#8230;.<\/p>\n","protected":false},"author":1,"featured_media":0,"parent":0,"menu_order":0,"comment_status":"closed","ping_status":"closed","template":"","meta":{"footnotes":""},"class_list":["post-105","page","type-page","status-publish","hentry"],"jetpack_sharing_enabled":true,"_links":{"self":[{"href":"https:\/\/www.schuleimerlich.de\/index.php?rest_route=\/wp\/v2\/pages\/105","targetHints":{"allow":["GET"]}}],"collection":[{"href":"https:\/\/www.schuleimerlich.de\/index.php?rest_route=\/wp\/v2\/pages"}],"about":[{"href":"https:\/\/www.schuleimerlich.de\/index.php?rest_route=\/wp\/v2\/types\/page"}],"author":[{"embeddable":true,"href":"https:\/\/www.schuleimerlich.de\/index.php?rest_route=\/wp\/v2\/users\/1"}],"replies":[{"embeddable":true,"href":"https:\/\/www.schuleimerlich.de\/index.php?rest_route=%2Fwp%2Fv2%2Fcomments&post=105"}],"version-history":[{"count":11,"href":"https:\/\/www.schuleimerlich.de\/index.php?rest_route=\/wp\/v2\/pages\/105\/revisions"}],"predecessor-version":[{"id":14500,"href":"https:\/\/www.schuleimerlich.de\/index.php?rest_route=\/wp\/v2\/pages\/105\/revisions\/14500"}],"wp:attachment":[{"href":"https:\/\/www.schuleimerlich.de\/index.php?rest_route=%2Fwp%2Fv2%2Fmedia&parent=105"}],"curies":[{"name":"wp","href":"https:\/\/api.w.org\/{rel}","templated":true}]}}