{"id":12243,"date":"2023-10-26T11:23:32","date_gmt":"2023-10-26T09:23:32","guid":{"rendered":"https:\/\/www.schuleimerlich.de\/blog\/?page_id=12243"},"modified":"2024-01-25T09:48:13","modified_gmt":"2024-01-25T08:48:13","slug":"sdui","status":"publish","type":"page","link":"https:\/\/www.schuleimerlich.de\/?page_id=12243","title":{"rendered":"SDUI"},"content":{"rendered":"\n<p>Sdui informiert Sie noch schneller \u00fcber aktuelle Nachrichten unserer Schule. Sdui bietet f\u00fcr uns nicht nur einen Ersatz f\u00fcr den Signal-Messenger und die Kommunikation per E-Mail, sondern bietet auch die M\u00f6glichkeit, Texte in Sdui \u00fcbersetzen zu lassen. Jeder Elternbrief und jede Nachricht k\u00f6nnen somit leicht in die gew\u00fcnschte Sprache \u00fcbersetzt werden. Die Unterlagen zur Registrierung erhalten Sie mit der Anmeldung Ihres Kindes. <\/p>\n\n\n\n<p>Link zum Sdui-Login: <\/p>\n\n\n\n<p><a href=\"https:\/\/sdui.app\/schule-im-erlich-forderschule-speyer\/login\">https:\/\/sdui.app\/schule-im-erlich-forderschule-speyer\/login<\/a><\/p>\n","protected":false},"excerpt":{"rendered":"<p>Sdui informiert Sie noch schneller \u00fcber aktuelle Nachrichten unserer Schule. Sdui bietet f\u00fcr uns nicht nur einen Ersatz f\u00fcr den Signal-Messenger und die Kommunikation per E-Mail, sondern bietet auch die M\u00f6glichkeit, Texte in Sdui \u00fcbersetzen zu lassen. Jeder Elternbrief und jede Nachricht k\u00f6nnen somit leicht in die gew\u00fcnschte Sprache \u00fcbersetzt werden. Die Unterlagen zur Registrierung&#8230;<\/p>\n","protected":false},"author":4,"featured_media":0,"parent":0,"menu_order":0,"comment_status":"closed","ping_status":"closed","template":"","meta":{"footnotes":""},"class_list":["post-12243","page","type-page","status-publish","hentry"],"jetpack_sharing_enabled":true,"_links":{"self":[{"href":"https:\/\/www.schuleimerlich.de\/index.php?rest_route=\/wp\/v2\/pages\/12243","targetHints":{"allow":["GET"]}}],"collection":[{"href":"https:\/\/www.schuleimerlich.de\/index.php?rest_route=\/wp\/v2\/pages"}],"about":[{"href":"https:\/\/www.schuleimerlich.de\/index.php?rest_route=\/wp\/v2\/types\/page"}],"author":[{"embeddable":true,"href":"https:\/\/www.schuleimerlich.de\/index.php?rest_route=\/wp\/v2\/users\/4"}],"replies":[{"embeddable":true,"href":"https:\/\/www.schuleimerlich.de\/index.php?rest_route=%2Fwp%2Fv2%2Fcomments&post=12243"}],"version-history":[{"count":5,"href":"https:\/\/www.schuleimerlich.de\/index.php?rest_route=\/wp\/v2\/pages\/12243\/revisions"}],"predecessor-version":[{"id":12547,"href":"https:\/\/www.schuleimerlich.de\/index.php?rest_route=\/wp\/v2\/pages\/12243\/revisions\/12547"}],"wp:attachment":[{"href":"https:\/\/www.schuleimerlich.de\/index.php?rest_route=%2Fwp%2Fv2%2Fmedia&parent=12243"}],"curies":[{"name":"wp","href":"https:\/\/api.w.org\/{rel}","templated":true}]}}